{"id":4201,"date":"2020-09-03T17:03:08","date_gmt":"2020-09-03T15:03:08","guid":{"rendered":"https:\/\/www.revigora-locations.fr\/blog-2\/"},"modified":"2022-09-30T12:05:11","modified_gmt":"2022-09-30T10:05:11","slug":"blog-2","status":"publish","type":"page","link":"https:\/\/www.revigora-locations.fr\/en\/blog-2\/","title":{"rendered":"Blog"},"content":{"rendered":"\t\t<div data-elementor-type=\"wp-page\" data-elementor-id=\"4201\" class=\"elementor elementor-4201 elementor-4197\" data-elementor-post-type=\"page\">\n\t\t\t\t\t\t<section class=\"has_eae_slider elementor-section elementor-top-section elementor-element elementor-element-5d802df elementor-section-full_width elementor-section-stretched elementor-section-height-default elementor-section-height-default\" data-eae-slider=\"84267\" data-id=\"5d802df\" data-element_type=\"section\" data-e-type=\"section\" data-settings=\"{&quot;stretch_section&quot;:&quot;section-stretched&quot;}\">\n\t\t\t\t\t\t<div class=\"elementor-container elementor-column-gap-default\">\n\t\t\t\t\t<div class=\"has_eae_slider elementor-column elementor-col-100 elementor-top-column elementor-element elementor-element-b5c2b9d\" data-eae-slider=\"60595\" data-id=\"b5c2b9d\" data-element_type=\"column\" data-e-type=\"column\">\n\t\t\t<div class=\"elementor-widget-wrap elementor-element-populated\">\n\t\t\t\t\t\t<div class=\"elementor-element elementor-element-5a92033 elementor-grid-3 elementor-grid-tablet-2 elementor-grid-mobile-1 elementor-posts--thumbnail-top elementor-widget elementor-widget-posts\" data-id=\"5a92033\" data-element_type=\"widget\" data-e-type=\"widget\" data-settings=\"{&quot;classic_row_gap&quot;:{&quot;unit&quot;:&quot;px&quot;,&quot;size&quot;:40,&quot;sizes&quot;:[]},&quot;pagination_type&quot;:&quot;numbers&quot;,&quot;classic_columns&quot;:&quot;3&quot;,&quot;classic_columns_tablet&quot;:&quot;2&quot;,&quot;classic_columns_mobile&quot;:&quot;1&quot;,&quot;classic_row_gap_tablet&quot;:{&quot;unit&quot;:&quot;px&quot;,&quot;size&quot;:&quot;&quot;,&quot;sizes&quot;:[]},&quot;classic_row_gap_mobile&quot;:{&quot;unit&quot;:&quot;px&quot;,&quot;size&quot;:&quot;&quot;,&quot;sizes&quot;:[]}}\" data-widget_type=\"posts.classic\">\n\t\t\t\t<div class=\"elementor-widget-container\">\n\t\t\t\t\t\t\t<div class=\"elementor-posts-container elementor-posts elementor-posts--skin-classic elementor-grid\" role=\"list\">\n\t\t\t\t<article class=\"elementor-post elementor-grid-item post-722419 post type-post status-publish format-standard hentry category-uncategorized\" role=\"listitem\">\n\t\t\t\t<div class=\"elementor-post__text\">\n\t\t\t\t<h2 class=\"elementor-post__title\">\n\t\t\t<a href=\"https:\/\/www.revigora-locations.fr\/en\/revigora-locations-partners-with-volley-ball-pays-viennois-to-support-local-sports\/\">\n\t\t\t\t**Revigora Locations partners with Volley Ball Pays Viennois to support local sports**\t\t\t<\/a>\n\t\t<\/h2>\n\t\t\t\t<div class=\"elementor-post__excerpt\">\n\t\t\t<p>Revigora Locations, leader in professional accommodation in Vienne, proudly announces its new partnership with Volley Ball Pays Viennois (VBPV), an elite women&#8217;s team recognized for its commitment on the pitch and within the Viennese community. A shared commitment to performance <a href=\"https:\/\/www.revigora-locations.fr\/en\/revigora-locations-partners-with-volley-ball-pays-viennois-to-support-local-sports\/\"> Read more&#8230;<\/a><\/p>\n\t\t<\/div>\n\t\t\t\t\t<div class=\"elementor-post__read-more-wrapper\">\n\t\t\n\t\t<a class=\"elementor-post__read-more\" href=\"https:\/\/www.revigora-locations.fr\/en\/revigora-locations-partners-with-volley-ball-pays-viennois-to-support-local-sports\/\" aria-label=\"Read more about **Revigora Locations partners with Volley Ball Pays Viennois to support local sports**\" tabindex=\"-1\">\n\t\t\tRead more \u00bb\t\t<\/a>\n\n\t\t\t\t\t<\/div>\n\t\t\t\t<\/div>\n\t\t\t\t<\/article>\n\t\t\t\t<article class=\"elementor-post elementor-grid-item post-720411 post type-post status-publish format-standard hentry category-uncategorized\" role=\"listitem\">\n\t\t\t\t<div class=\"elementor-post__text\">\n\t\t\t\t<h2 class=\"elementor-post__title\">\n\t\t\t<a href=\"https:\/\/www.revigora-locations.fr\/en\/tourisme-les-meilleurs-activites-a-faire-en-vallee-du-rhonetourism-the-best-activities-to-do-in-the-rhone-valley\/\">\n\t\t\t\tTourisme : Les meilleurs activit\u00e9s \u00e0 faire en Vall\u00e9e du Rh\u00f4neTourism: The best activities to do in the Rh\u00f4ne Valley\t\t\t<\/a>\n\t\t<\/h2>\n\t\t\t\t<div class=\"elementor-post__excerpt\">\n\t\t\t<p>The Rhone Valley is known for its many tourist sites. Surrounded by hills, it is made up of many vineyards, picturesque little villages, historical sites, lavender fields, \u2026 and much more.<\/p>\n\t\t<\/div>\n\t\t\t\t\t<div class=\"elementor-post__read-more-wrapper\">\n\t\t\n\t\t<a class=\"elementor-post__read-more\" href=\"https:\/\/www.revigora-locations.fr\/en\/tourisme-les-meilleurs-activites-a-faire-en-vallee-du-rhonetourism-the-best-activities-to-do-in-the-rhone-valley\/\" aria-label=\"Read more about Tourisme : Les meilleurs activit\u00e9s \u00e0 faire en Vall\u00e9e du Rh\u00f4neTourism: The best activities to do in the Rh\u00f4ne Valley\" tabindex=\"-1\">\n\t\t\tRead more \u00bb\t\t<\/a>\n\n\t\t\t\t\t<\/div>\n\t\t\t\t<\/div>\n\t\t\t\t<\/article>\n\t\t\t\t<article class=\"elementor-post elementor-grid-item post-29739 post type-post status-publish format-standard has-post-thumbnail hentry category-non-classifiee\" role=\"listitem\">\n\t\t\t\t<a class=\"elementor-post__thumbnail__link\" href=\"https:\/\/www.revigora-locations.fr\/en\/lyon-trade-shows-at-the-end-of-the-year\/\" tabindex=\"-1\">\n\t\t\t<div class=\"elementor-post__thumbnail\"><img fetchpriority=\"high\" decoding=\"async\" width=\"2336\" height=\"1636\" src=\"https:\/\/www.revigora-locations.fr\/wp-content\/uploads\/2022\/09\/Eurexpo-en-1.jpg\" class=\"attachment-full size-full wp-image-29755\" alt=\"Eurexpo trade show Lyon\" srcset=\"https:\/\/www.revigora-locations.fr\/wp-content\/uploads\/2022\/09\/Eurexpo-en-1.jpg 2336w, https:\/\/www.revigora-locations.fr\/wp-content\/uploads\/2022\/09\/Eurexpo-en-1-300x210.jpg 300w, https:\/\/www.revigora-locations.fr\/wp-content\/uploads\/2022\/09\/Eurexpo-en-1-1024x717.jpg 1024w, https:\/\/www.revigora-locations.fr\/wp-content\/uploads\/2022\/09\/Eurexpo-en-1-768x538.jpg 768w, https:\/\/www.revigora-locations.fr\/wp-content\/uploads\/2022\/09\/Eurexpo-en-1-1536x1076.jpg 1536w, https:\/\/www.revigora-locations.fr\/wp-content\/uploads\/2022\/09\/Eurexpo-en-1-2048x1434.jpg 2048w, https:\/\/www.revigora-locations.fr\/wp-content\/uploads\/2022\/09\/Eurexpo-en-1-600x420.jpg 600w\" sizes=\"(max-width: 2336px) 100vw, 2336px\" \/><\/div>\n\t\t<\/a>\n\t\t\t\t<div class=\"elementor-post__text\">\n\t\t\t\t<h2 class=\"elementor-post__title\">\n\t\t\t<a href=\"https:\/\/www.revigora-locations.fr\/en\/lyon-trade-shows-at-the-end-of-the-year\/\">\n\t\t\t\tLyon: trade shows at the end of the year\t\t\t<\/a>\n\t\t<\/h2>\n\t\t\t\t<div class=\"elementor-post__excerpt\">\n\t\t\t<p>September is synonymous with the start of the new school year, the resumption of sports activities and also the resumption of trade fairs. Depending on your sector of activity, as a manager, employee or even self-employed, there are trade fairs <a href=\"https:\/\/www.revigora-locations.fr\/en\/lyon-trade-shows-at-the-end-of-the-year\/\"> Read more&#8230;<\/a><\/p>\n\t\t<\/div>\n\t\t\t\t\t<div class=\"elementor-post__read-more-wrapper\">\n\t\t\n\t\t<a class=\"elementor-post__read-more\" href=\"https:\/\/www.revigora-locations.fr\/en\/lyon-trade-shows-at-the-end-of-the-year\/\" aria-label=\"Read more about Lyon: trade shows at the end of the year\" tabindex=\"-1\">\n\t\t\tRead more \u00bb\t\t<\/a>\n\n\t\t\t\t\t<\/div>\n\t\t\t\t<\/div>\n\t\t\t\t<\/article>\n\t\t\t\t<article class=\"elementor-post elementor-grid-item post-29687 post type-post status-publish format-standard has-post-thumbnail hentry category-non-classifiee\" role=\"listitem\">\n\t\t\t\t<a class=\"elementor-post__thumbnail__link\" href=\"https:\/\/www.revigora-locations.fr\/en\/revigora-locations-studios-and-a-flat-for-your-business-trips\/\" tabindex=\"-1\">\n\t\t\t<div class=\"elementor-post__thumbnail\"><img decoding=\"async\" width=\"1600\" height=\"1200\" src=\"https:\/\/www.revigora-locations.fr\/wp-content\/uploads\/2022\/09\/revigora-locations-studios-vienne.jpg\" class=\"attachment-full size-full wp-image-29689\" alt=\"revigora locations studios pour vos d\u00e9placements professionnels pour vos d\u00e9placements professionnels pour vos d\u00e9placements professionnels \u00e0 Vienne\" srcset=\"https:\/\/www.revigora-locations.fr\/wp-content\/uploads\/2022\/09\/revigora-locations-studios-vienne.jpg 1600w, https:\/\/www.revigora-locations.fr\/wp-content\/uploads\/2022\/09\/revigora-locations-studios-vienne-300x225.jpg 300w, https:\/\/www.revigora-locations.fr\/wp-content\/uploads\/2022\/09\/revigora-locations-studios-vienne-1024x768.jpg 1024w, https:\/\/www.revigora-locations.fr\/wp-content\/uploads\/2022\/09\/revigora-locations-studios-vienne-768x576.jpg 768w, https:\/\/www.revigora-locations.fr\/wp-content\/uploads\/2022\/09\/revigora-locations-studios-vienne-1536x1152.jpg 1536w, https:\/\/www.revigora-locations.fr\/wp-content\/uploads\/2022\/09\/revigora-locations-studios-vienne-600x450.jpg 600w\" sizes=\"(max-width: 1600px) 100vw, 1600px\" \/><\/div>\n\t\t<\/a>\n\t\t\t\t<div class=\"elementor-post__text\">\n\t\t\t\t<h2 class=\"elementor-post__title\">\n\t\t\t<a href=\"https:\/\/www.revigora-locations.fr\/en\/revigora-locations-studios-and-a-flat-for-your-business-trips\/\">\n\t\t\t\tRevigora Locations: studios and a flat for your business trips\t\t\t<\/a>\n\t\t<\/h2>\n\t\t\t\t<div class=\"elementor-post__excerpt\">\n\t\t\t<p>Revigora Locations is located in the hills above Vienne, 10 minutes from the city centre and 30 minutes from Lyon. After raising her children and having a commercial career, Marie-Fran\u00e7oise has totally renovated and fitted out this old family farmhouse <a href=\"https:\/\/www.revigora-locations.fr\/en\/revigora-locations-studios-and-a-flat-for-your-business-trips\/\"> Read more&#8230;<\/a><\/p>\n\t\t<\/div>\n\t\t\t\t\t<div class=\"elementor-post__read-more-wrapper\">\n\t\t\n\t\t<a class=\"elementor-post__read-more\" href=\"https:\/\/www.revigora-locations.fr\/en\/revigora-locations-studios-and-a-flat-for-your-business-trips\/\" aria-label=\"Read more about Revigora Locations: studios and a flat for your business trips\" tabindex=\"-1\">\n\t\t\tRead more \u00bb\t\t<\/a>\n\n\t\t\t\t\t<\/div>\n\t\t\t\t<\/div>\n\t\t\t\t<\/article>\n\t\t\t\t<article class=\"elementor-post elementor-grid-item post-29597 post type-post status-publish format-standard has-post-thumbnail hentry category-non-classifiee\" role=\"listitem\">\n\t\t\t\t<a class=\"elementor-post__thumbnail__link\" href=\"https:\/\/www.revigora-locations.fr\/en\/tourism-the-best-activities-to-do-in-the-rhone-valley\/\" tabindex=\"-1\">\n\t\t\t<div class=\"elementor-post__thumbnail\"><img decoding=\"async\" width=\"2362\" height=\"1576\" src=\"https:\/\/www.revigora-locations.fr\/wp-content\/uploads\/2022\/09\/valleedurhone01.jpg\" class=\"attachment-full size-full wp-image-28415\" alt=\"valle\u00e9 du rhone Revigora Locations\" srcset=\"https:\/\/www.revigora-locations.fr\/wp-content\/uploads\/2022\/09\/valleedurhone01.jpg 2362w, https:\/\/www.revigora-locations.fr\/wp-content\/uploads\/2022\/09\/valleedurhone01-300x200.jpg 300w, https:\/\/www.revigora-locations.fr\/wp-content\/uploads\/2022\/09\/valleedurhone01-1024x683.jpg 1024w, https:\/\/www.revigora-locations.fr\/wp-content\/uploads\/2022\/09\/valleedurhone01-768x512.jpg 768w, https:\/\/www.revigora-locations.fr\/wp-content\/uploads\/2022\/09\/valleedurhone01-1536x1025.jpg 1536w, https:\/\/www.revigora-locations.fr\/wp-content\/uploads\/2022\/09\/valleedurhone01-2048x1366.jpg 2048w, https:\/\/www.revigora-locations.fr\/wp-content\/uploads\/2022\/09\/valleedurhone01-600x400.jpg 600w\" sizes=\"(max-width: 2362px) 100vw, 2362px\" \/><\/div>\n\t\t<\/a>\n\t\t\t\t<div class=\"elementor-post__text\">\n\t\t\t\t<h2 class=\"elementor-post__title\">\n\t\t\t<a href=\"https:\/\/www.revigora-locations.fr\/en\/tourism-the-best-activities-to-do-in-the-rhone-valley\/\">\n\t\t\t\tTourism : The best activities to do in the Rh\u00f4ne Valley\t\t\t<\/a>\n\t\t<\/h2>\n\t\t\t\t<div class=\"elementor-post__excerpt\">\n\t\t\t<p>The Rhone Valley is known for its many tourist attractions. Surrounded by hills, it consists of many vineyards, small picturesque villages, historical sites, lavender fields, \u2026 and much more. The city of Vienne is a central point for visiting the <a href=\"https:\/\/www.revigora-locations.fr\/en\/tourism-the-best-activities-to-do-in-the-rhone-valley\/\"> Read more&#8230;<\/a><\/p>\n\t\t<\/div>\n\t\t\t\t\t<div class=\"elementor-post__read-more-wrapper\">\n\t\t\n\t\t<a class=\"elementor-post__read-more\" href=\"https:\/\/www.revigora-locations.fr\/en\/tourism-the-best-activities-to-do-in-the-rhone-valley\/\" aria-label=\"Read more about Tourism : The best activities to do in the Rh\u00f4ne Valley\" tabindex=\"-1\">\n\t\t\tRead more \u00bb\t\t<\/a>\n\n\t\t\t\t\t<\/div>\n\t\t\t\t<\/div>\n\t\t\t\t<\/article>\n\t\t\t\t<article class=\"elementor-post elementor-grid-item post-29591 post type-post status-publish format-standard has-post-thumbnail hentry category-non-classifiee\" role=\"listitem\">\n\t\t\t\t<a class=\"elementor-post__thumbnail__link\" href=\"https:\/\/www.revigora-locations.fr\/en\/revigora-locations-under-a-thin-layer-of-snow\/\" tabindex=\"-1\">\n\t\t\t<div class=\"elementor-post__thumbnail\"><img loading=\"lazy\" decoding=\"async\" width=\"1200\" height=\"900\" src=\"https:\/\/www.revigora-locations.fr\/wp-content\/uploads\/2019\/01\/Revigora-photos-hiver.jpg\" class=\"attachment-full size-full wp-image-531\" alt=\"Revigora Location sous la neige\" srcset=\"https:\/\/www.revigora-locations.fr\/wp-content\/uploads\/2019\/01\/Revigora-photos-hiver.jpg 1200w, https:\/\/www.revigora-locations.fr\/wp-content\/uploads\/2019\/01\/Revigora-photos-hiver-300x225.jpg 300w, https:\/\/www.revigora-locations.fr\/wp-content\/uploads\/2019\/01\/Revigora-photos-hiver-768x576.jpg 768w, https:\/\/www.revigora-locations.fr\/wp-content\/uploads\/2019\/01\/Revigora-photos-hiver-1024x768.jpg 1024w\" sizes=\"(max-width: 1200px) 100vw, 1200px\" \/><\/div>\n\t\t<\/a>\n\t\t\t\t<div class=\"elementor-post__text\">\n\t\t\t\t<h2 class=\"elementor-post__title\">\n\t\t\t<a href=\"https:\/\/www.revigora-locations.fr\/en\/revigora-locations-under-a-thin-layer-of-snow\/\">\n\t\t\t\tRevigora Locations under a thin layer of snow\t\t\t<\/a>\n\t\t<\/h2>\n\t\t\t\t<div class=\"elementor-post__excerpt\">\n\t\t\t<p>Revigora Locations has put on its seasonal coat. The surrounding countryside offers us a pretty snowy panorama. As the Ampuis (69420) wine market comes to an end and the 2019 Sirha in Lyon opens its doors, Revigora Locations is in <a href=\"https:\/\/www.revigora-locations.fr\/en\/revigora-locations-under-a-thin-layer-of-snow\/\"> Read more&#8230;<\/a><\/p>\n\t\t<\/div>\n\t\t\t\t\t<div class=\"elementor-post__read-more-wrapper\">\n\t\t\n\t\t<a class=\"elementor-post__read-more\" href=\"https:\/\/www.revigora-locations.fr\/en\/revigora-locations-under-a-thin-layer-of-snow\/\" aria-label=\"Read more about Revigora Locations under a thin layer of snow\" tabindex=\"-1\">\n\t\t\tRead more \u00bb\t\t<\/a>\n\n\t\t\t\t\t<\/div>\n\t\t\t\t<\/div>\n\t\t\t\t<\/article>\n\t\t\t\t<article class=\"elementor-post elementor-grid-item post-29559 post type-post status-publish format-standard has-post-thumbnail hentry category-non-classifiee\" role=\"listitem\">\n\t\t\t\t<a class=\"elementor-post__thumbnail__link\" href=\"https:\/\/www.revigora-locations.fr\/en\/3-epis-classification-by-the-gites-de-france-label\/\" tabindex=\"-1\">\n\t\t\t<div class=\"elementor-post__thumbnail\"><img loading=\"lazy\" decoding=\"async\" width=\"640\" height=\"960\" src=\"https:\/\/www.revigora-locations.fr\/wp-content\/uploads\/2018\/10\/Liberty3epis.jpg\" class=\"attachment-full size-full wp-image-1143\" alt=\"Liberty+3epis\" srcset=\"https:\/\/www.revigora-locations.fr\/wp-content\/uploads\/2018\/10\/Liberty3epis.jpg 640w, https:\/\/www.revigora-locations.fr\/wp-content\/uploads\/2018\/10\/Liberty3epis-200x300.jpg 200w\" sizes=\"(max-width: 640px) 100vw, 640px\" \/><\/div>\n\t\t<\/a>\n\t\t\t\t<div class=\"elementor-post__text\">\n\t\t\t\t<h2 class=\"elementor-post__title\">\n\t\t\t<a href=\"https:\/\/www.revigora-locations.fr\/en\/3-epis-classification-by-the-gites-de-france-label\/\">\n\t\t\t\t3 \u00e9pis classification by the G\u00eetes de France\u00ae label\t\t\t<\/a>\n\t\t<\/h2>\n\t\t\t\t<div class=\"elementor-post__excerpt\">\n\t\t\t<p>A new information to share with you: Revigora Locations is proud to announce the 3 \u00e9pis classification by the Label G\u00eetes de France\u00ae for the furnished studio Liberty with a capacity of 2 persons. The G\u00eetes de France\u00ae quality label <a href=\"https:\/\/www.revigora-locations.fr\/en\/3-epis-classification-by-the-gites-de-france-label\/\"> Read more&#8230;<\/a><\/p>\n\t\t<\/div>\n\t\t\t\t\t<div class=\"elementor-post__read-more-wrapper\">\n\t\t\n\t\t<a class=\"elementor-post__read-more\" href=\"https:\/\/www.revigora-locations.fr\/en\/3-epis-classification-by-the-gites-de-france-label\/\" aria-label=\"Read more about 3 \u00e9pis classification by the G\u00eetes de France\u00ae label\" tabindex=\"-1\">\n\t\t\tRead more \u00bb\t\t<\/a>\n\n\t\t\t\t\t<\/div>\n\t\t\t\t<\/div>\n\t\t\t\t<\/article>\n\t\t\t\t<article class=\"elementor-post elementor-grid-item post-29541 post type-post status-publish format-standard has-post-thumbnail hentry category-non-classifiee\" role=\"listitem\">\n\t\t\t\t<a class=\"elementor-post__thumbnail__link\" href=\"https:\/\/www.revigora-locations.fr\/en\/beautiful-days\/\" tabindex=\"-1\">\n\t\t\t<div class=\"elementor-post__thumbnail\"><img loading=\"lazy\" decoding=\"async\" width=\"665\" height=\"1181\" src=\"https:\/\/www.revigora-locations.fr\/wp-content\/uploads\/2018\/09\/revigora-exterieur.jpg\" class=\"attachment-full size-full wp-image-504\" alt=\"revigora locations ext\u00e9rieur\" srcset=\"https:\/\/www.revigora-locations.fr\/wp-content\/uploads\/2018\/09\/revigora-exterieur.jpg 665w, https:\/\/www.revigora-locations.fr\/wp-content\/uploads\/2018\/09\/revigora-exterieur-169x300.jpg 169w, https:\/\/www.revigora-locations.fr\/wp-content\/uploads\/2018\/09\/revigora-exterieur-577x1024.jpg 577w\" sizes=\"(max-width: 665px) 100vw, 665px\" \/><\/div>\n\t\t<\/a>\n\t\t\t\t<div class=\"elementor-post__text\">\n\t\t\t\t<h2 class=\"elementor-post__title\">\n\t\t\t<a href=\"https:\/\/www.revigora-locations.fr\/en\/beautiful-days\/\">\n\t\t\t\tBeautiful days\t\t\t<\/a>\n\t\t<\/h2>\n\t\t\t\t<div class=\"elementor-post__excerpt\">\n\t\t\t<p>Beautiful sunny days are flooding our countryside even though autumn is just around the corner. REVIGORA-LOCATIONS has completed the planting of its private terraces and the development of its exteriors. Come and enjoy the surroundings for a walk, during a <a href=\"https:\/\/www.revigora-locations.fr\/en\/beautiful-days\/\"> Read more&#8230;<\/a><\/p>\n\t\t<\/div>\n\t\t\t\t\t<div class=\"elementor-post__read-more-wrapper\">\n\t\t\n\t\t<a class=\"elementor-post__read-more\" href=\"https:\/\/www.revigora-locations.fr\/en\/beautiful-days\/\" aria-label=\"Read more about Beautiful days\" tabindex=\"-1\">\n\t\t\tRead more \u00bb\t\t<\/a>\n\n\t\t\t\t\t<\/div>\n\t\t\t\t<\/div>\n\t\t\t\t<\/article>\n\t\t\t\t<article class=\"elementor-post elementor-grid-item post-29521 post type-post status-publish format-standard has-post-thumbnail hentry category-non-classifiee\" role=\"listitem\">\n\t\t\t\t<a class=\"elementor-post__thumbnail__link\" href=\"https:\/\/www.revigora-locations.fr\/en\/welcome-to-revigora-locations\/\" tabindex=\"-1\">\n\t\t\t<div class=\"elementor-post__thumbnail\"><img loading=\"lazy\" decoding=\"async\" width=\"768\" height=\"512\" src=\"https:\/\/www.revigora-locations.fr\/wp-content\/uploads\/2019\/12\/revi-maison01w-768x512-en.jpg\" class=\"attachment-full size-full wp-image-1171\" alt=\"Home Revigora Residence of Tourism and Business\" srcset=\"https:\/\/www.revigora-locations.fr\/wp-content\/uploads\/2019\/12\/revi-maison01w-768x512-en.jpg 768w, https:\/\/www.revigora-locations.fr\/wp-content\/uploads\/2019\/12\/revi-maison01w-768x512-en-300x200.jpg 300w, https:\/\/www.revigora-locations.fr\/wp-content\/uploads\/2019\/12\/revi-maison01w-768x512-en-600x400.jpg 600w\" sizes=\"(max-width: 768px) 100vw, 768px\" \/><\/div>\n\t\t<\/a>\n\t\t\t\t<div class=\"elementor-post__text\">\n\t\t\t\t<h2 class=\"elementor-post__title\">\n\t\t\t<a href=\"https:\/\/www.revigora-locations.fr\/en\/welcome-to-revigora-locations\/\">\n\t\t\t\tWelcome to Revigora Locations!\t\t\t<\/a>\n\t\t<\/h2>\n\t\t\t\t<div class=\"elementor-post__excerpt\">\n\t\t\t<p>I am very pleased to welcome you to our brand new furnished studios, which have been fitted out for your greatest comfort. Four (4) studios of a practical surface are waiting for you in reservation for one night or more, <a href=\"https:\/\/www.revigora-locations.fr\/en\/welcome-to-revigora-locations\/\"> Read more&#8230;<\/a><\/p>\n\t\t<\/div>\n\t\t\t\t\t<div class=\"elementor-post__read-more-wrapper\">\n\t\t\n\t\t<a class=\"elementor-post__read-more\" href=\"https:\/\/www.revigora-locations.fr\/en\/welcome-to-revigora-locations\/\" aria-label=\"Read more about Welcome to Revigora Locations!\" tabindex=\"-1\">\n\t\t\tRead more \u00bb\t\t<\/a>\n\n\t\t\t\t\t<\/div>\n\t\t\t\t<\/div>\n\t\t\t\t<\/article>\n\t\t\t\t<article class=\"elementor-post elementor-grid-item post-1319 post type-post status-publish format-standard has-post-thumbnail hentry category-uncategorized\" role=\"listitem\">\n\t\t\t\t<a class=\"elementor-post__thumbnail__link\" href=\"https:\/\/www.revigora-locations.fr\/en\/a-short-film-for-revigora\/\" tabindex=\"-1\">\n\t\t\t<div class=\"elementor-post__thumbnail\"><img loading=\"lazy\" decoding=\"async\" width=\"1408\" height=\"820\" src=\"https:\/\/www.revigora-locations.fr\/wp-content\/uploads\/2019\/12\/image-article-film-revigora.png\" class=\"attachment-full size-full wp-image-29499\" alt=\"A short film for Revigora\" srcset=\"https:\/\/www.revigora-locations.fr\/wp-content\/uploads\/2019\/12\/image-article-film-revigora.png 1408w, https:\/\/www.revigora-locations.fr\/wp-content\/uploads\/2019\/12\/image-article-film-revigora-300x175.png 300w, https:\/\/www.revigora-locations.fr\/wp-content\/uploads\/2019\/12\/image-article-film-revigora-1024x596.png 1024w, https:\/\/www.revigora-locations.fr\/wp-content\/uploads\/2019\/12\/image-article-film-revigora-768x447.png 768w, https:\/\/www.revigora-locations.fr\/wp-content\/uploads\/2019\/12\/image-article-film-revigora-600x349.png 600w\" sizes=\"(max-width: 1408px) 100vw, 1408px\" \/><\/div>\n\t\t<\/a>\n\t\t\t\t<div class=\"elementor-post__text\">\n\t\t\t\t<h2 class=\"elementor-post__title\">\n\t\t\t<a href=\"https:\/\/www.revigora-locations.fr\/en\/a-short-film-for-revigora\/\">\n\t\t\t\tA short film for Revigora\t\t\t<\/a>\n\t\t<\/h2>\n\t\t\t\t<div class=\"elementor-post__excerpt\">\n\t\t\t<p>We are delighted to introduce you to the environment of Revigora Locations in this short film. Come and enjoy the sun of our beautiful region, taste specialties and reinvigorate yourself!!<\/p>\n\t\t<\/div>\n\t\t\t\t\t<div class=\"elementor-post__read-more-wrapper\">\n\t\t\n\t\t<a class=\"elementor-post__read-more\" href=\"https:\/\/www.revigora-locations.fr\/en\/a-short-film-for-revigora\/\" aria-label=\"Read more about A short film for Revigora\" tabindex=\"-1\">\n\t\t\tRead more \u00bb\t\t<\/a>\n\n\t\t\t\t\t<\/div>\n\t\t\t\t<\/div>\n\t\t\t\t<\/article>\n\t\t\t\t<\/div>\n\t\t\n\t\t\t\t\t\t<\/div>\n\t\t\t\t<\/div>\n\t\t\t\t\t<\/div>\n\t\t<\/div>\n\t\t\t\t\t<\/div>\n\t\t<\/section>\n\t\t\t\t<\/div>\n\t\t","protected":false},"excerpt":{"rendered":"","protected":false},"author":1,"featured_media":0,"parent":0,"menu_order":0,"comment_status":"closed","ping_status":"closed","template":"elementor_header_footer","meta":{"footnotes":""},"class_list":["post-4201","page","type-page","status-publish","hentry"],"_links":{"self":[{"href":"https:\/\/www.revigora-locations.fr\/en\/wp-json\/wp\/v2\/pages\/4201","targetHints":{"allow":["GET"]}}],"collection":[{"href":"https:\/\/www.revigora-locations.fr\/en\/wp-json\/wp\/v2\/pages"}],"about":[{"href":"https:\/\/www.revigora-locations.fr\/en\/wp-json\/wp\/v2\/types\/page"}],"author":[{"embeddable":true,"href":"https:\/\/www.revigora-locations.fr\/en\/wp-json\/wp\/v2\/users\/1"}],"replies":[{"embeddable":true,"href":"https:\/\/www.revigora-locations.fr\/en\/wp-json\/wp\/v2\/comments?post=4201"}],"version-history":[{"count":7,"href":"https:\/\/www.revigora-locations.fr\/en\/wp-json\/wp\/v2\/pages\/4201\/revisions"}],"predecessor-version":[{"id":29507,"href":"https:\/\/www.revigora-locations.fr\/en\/wp-json\/wp\/v2\/pages\/4201\/revisions\/29507"}],"wp:attachment":[{"href":"https:\/\/www.revigora-locations.fr\/en\/wp-json\/wp\/v2\/media?parent=4201"}],"curies":[{"name":"wp","href":"https:\/\/api.w.org\/{rel}","templated":true}]}}